{"id":11799,"date":"2020-03-31T07:41:11","date_gmt":"2020-03-31T05:41:11","guid":{"rendered":"https:\/\/penzionbado.sk\/nyugdij\/"},"modified":"2025-03-17T08:23:02","modified_gmt":"2025-03-17T07:23:02","slug":"panzio","status":"publish","type":"page","link":"https:\/\/penzionbado.sk\/hu\/panzio\/","title":{"rendered":"Panzi\u00f3"},"content":{"rendered":"\t\t<div data-elementor-type=\"wp-page\" data-elementor-id=\"11799\" class=\"elementor elementor-11799 elementor-2347\" data-elementor-post-type=\"page\">\n\t\t\t\t\t\t\t\t\t<section class=\"elementor-section elementor-top-section elementor-element elementor-element-55bc024 elementor-section-full_width qodef-elementor-content-grid elementor-section-height-default elementor-section-height-default\" data-id=\"55bc024\" data-element_type=\"section\">\n\t\t\t\t\t\t<div class=\"elementor-container elementor-column-gap-no\">\n\t\t\t\t\t<div class=\"elementor-column elementor-col-100 elementor-top-column elementor-element elementor-element-5abf0b6\" data-id=\"5abf0b6\" data-element_type=\"column\">\n\t\t\t<div class=\"elementor-widget-wrap elementor-element-populated\">\n\t\t\t\t\t\t\t\t<div class=\"elementor-element elementor-element-2578738 elementor-widget elementor-widget-heading\" data-id=\"2578738\" data-element_type=\"widget\" data-widget_type=\"heading.default\">\n\t\t\t\t<div class=\"elementor-widget-container\">\n\t\t\t<h2 class=\"elementor-heading-title elementor-size-default\">Csal\u00e1di panzi\u00f3 a Lomnici-cs\u00facs alatt <br>Paradicsom a gyermekes csal\u00e1doknak<\/h2>\t\t<\/div>\n\t\t\t\t<\/div>\n\t\t<div class=\"elementor-element elementor-element-f2e9bb9 e-con-full e-flex e-con e-parent\" data-id=\"f2e9bb9\" data-element_type=\"container\" data-settings=\"{&quot;content_width&quot;:&quot;full&quot;}\" data-core-v316-plus=\"true\">\n\t\t<div class=\"elementor-element elementor-element-d585585 e-con-full e-flex e-con e-child\" data-id=\"d585585\" data-element_type=\"container\" data-settings=\"{&quot;content_width&quot;:&quot;full&quot;}\">\n\t\t\t\t<div class=\"elementor-element elementor-element-5f7b786 elementor-widget elementor-widget-text-editor\" data-id=\"5f7b786\" data-element_type=\"widget\" data-widget_type=\"text-editor.default\">\n\t\t\t\t<div class=\"elementor-widget-container\">\n\t\t\t\t\t\t\t<p>A <b>BA\u010eO *** panzi\u00f3<\/b> 2003-ban \u00e9p\u00fclt a Magas-T\u00e1tra fest\u0151i k\u00f6rnyezet\u00e9ben, <b>Star\u00e1 Lesn\u00e1<\/b> hegyi faluban, k\u00f6zvetlen\u00fcl a Tatransk\u00e1 Lomnica s\u00edk\u00f6zpont alatt. A vend\u00e9gh\u00e1z elhelyezked\u00e9se j\u00f3 kiindul\u00f3pont a Magas- \u00e9s Alacsony-T\u00e1tra, Levo\u010da, a term\u00e1lf\u00fcrd\u0151k, a szabadt\u00e9ri m\u00fazeumok \u00e9s a k\u00f6zeli barlangok megl\u00e1togat\u00e1s\u00e1hoz. <\/p>\n<p>Sz\u00e1llodai jelleg\u0171 sz\u00e1ll\u00e1shelyeinken a min\u0151s\u00e9gi sz\u00e1llodai szolg\u00e1ltat\u00e1sokat a szl\u00e1v vend\u00e9gszereteten alapul\u00f3 szem\u00e9lyes megk\u00f6zel\u00edt\u00e9ssel \u00f6tv\u00f6zz\u00fck.<\/p>\n\t\t\t\t\t\t<\/div>\n\t\t\t\t<\/div>\n\t\t\t\t<\/div>\n\t\t<div class=\"elementor-element elementor-element-8cf541e e-con-full e-flex e-con e-child\" data-id=\"8cf541e\" data-element_type=\"container\" data-settings=\"{&quot;content_width&quot;:&quot;full&quot;}\">\n\t\t\t\t<div class=\"elementor-element elementor-element-1956179 elementor-widget elementor-widget-text-editor\" data-id=\"1956179\" data-element_type=\"widget\" data-widget_type=\"text-editor.default\">\n\t\t\t\t<div class=\"elementor-widget-container\">\n\t\t\t\t\t\t\t<p>A vend\u00e9gh\u00e1z kifejezetten gyermekes csal\u00e1dok, bar\u00e1ti t\u00e1rsas\u00e1gok, s\u00edtanfolyamok, iskolai kir\u00e1ndul\u00e1sok vagy id\u0151sek sz\u00e1m\u00e1ra k\u00e9sz\u00fclt.<\/p>\n<p>C\u00e9geknek lehet\u0151s\u00e9get k\u00edn\u00e1lunk c\u00e9ges rendezv\u00e9nyek, csapat\u00e9p\u00edt\u00e9s vagy tr\u00e9ningek szervez\u00e9s\u00e9re a vend\u00e9gh\u00e1z helyis\u00e9geiben. Sz\u00edvesen seg\u00edt\u00fcnk \u00d6nnek k\u00fcl\u00f6nb\u00f6z\u0151 t\u00e1rsadalmi \u00e9s csal\u00e1di esem\u00e9nyek szervez\u00e9s\u00e9ben is. <\/p>\n\t\t\t\t\t\t<\/div>\n\t\t\t\t<\/div>\n\t\t\t\t<\/div>\n\t\t\t\t<\/div>\n\t\t\t\t\t<\/div>\n\t\t<\/div>\n\t\t\t\t\t\t\t<\/div>\n\t\t<\/section>\n\t\t\t\t<section class=\"elementor-section elementor-top-section elementor-element elementor-element-234359e elementor-section-full_width qodef-elementor-content-grid elementor-section-height-default elementor-section-height-default\" data-id=\"234359e\" data-element_type=\"section\" data-settings=\"{&quot;background_background&quot;:&quot;gradient&quot;}\">\n\t\t\t\t\t\t<div class=\"elementor-container elementor-column-gap-no\">\n\t\t\t\t\t<div class=\"elementor-column elementor-col-100 elementor-top-column elementor-element elementor-element-f55fbb0\" data-id=\"f55fbb0\" data-element_type=\"column\">\n\t\t\t<div class=\"elementor-widget-wrap elementor-element-populated\">\n\t\t\t\t\t\t\t\t<div class=\"elementor-element elementor-element-eba1e00 elementor-widget elementor-widget-image\" data-id=\"eba1e00\" data-element_type=\"widget\" data-widget_type=\"image.default\">\n\t\t\t\t<div class=\"elementor-widget-container\">\n\t\t\t\t\t\t\t\t\t\t\t\t\t\t\t<img decoding=\"async\" width=\"1318\" height=\"612\" src=\"https:\/\/penzionbado.sk\/wp-content\/uploads\/2023\/05\/Penzion_Bado_3.png\" class=\"attachment-full size-full wp-image-6081\" alt=\"\" srcset=\"https:\/\/penzionbado.sk\/wp-content\/uploads\/2023\/05\/Penzion_Bado_3.png 1318w, https:\/\/penzionbado.sk\/wp-content\/uploads\/2023\/05\/Penzion_Bado_3-300x139.png 300w, https:\/\/penzionbado.sk\/wp-content\/uploads\/2023\/05\/Penzion_Bado_3-1024x475.png 1024w, https:\/\/penzionbado.sk\/wp-content\/uploads\/2023\/05\/Penzion_Bado_3-768x357.png 768w, https:\/\/penzionbado.sk\/wp-content\/uploads\/2023\/05\/Penzion_Bado_3-600x279.png 600w\" sizes=\"(max-width: 1318px) 100vw, 1318px\" \/>\t\t\t\t\t\t\t\t\t\t\t\t\t\t\t<\/div>\n\t\t\t\t<\/div>\n\t\t\t\t\t<\/div>\n\t\t<\/div>\n\t\t\t\t\t\t\t<\/div>\n\t\t<\/section>\n\t\t<div class=\"elementor-element elementor-element-a7319df e-flex e-con-boxed e-con e-parent\" data-id=\"a7319df\" data-element_type=\"container\" data-settings=\"{&quot;background_background&quot;:&quot;classic&quot;,&quot;content_width&quot;:&quot;boxed&quot;}\" data-core-v316-plus=\"true\">\n\t\t\t\t\t<div class=\"e-con-inner\">\n\t\t<div class=\"elementor-element elementor-element-9f5b03a e-con-full e-flex e-con e-child\" data-id=\"9f5b03a\" data-element_type=\"container\" data-settings=\"{&quot;content_width&quot;:&quot;full&quot;}\">\n\t\t\t\t<div class=\"elementor-element elementor-element-b007d10 elementor-widget elementor-widget-heading\" data-id=\"b007d10\" data-element_type=\"widget\" data-widget_type=\"heading.default\">\n\t\t\t\t<div class=\"elementor-widget-container\">\n\t\t\t<h2 class=\"elementor-heading-title elementor-size-default\">K\u00fcls\u0151<\/h2>\t\t<\/div>\n\t\t\t\t<\/div>\n\t\t\t\t<div class=\"elementor-element elementor-element-87f0215 elementor-widget elementor-widget-text-editor\" data-id=\"87f0215\" data-element_type=\"widget\" data-widget_type=\"text-editor.default\">\n\t\t\t\t<div class=\"elementor-widget-container\">\n\t\t\t\t\t\t\t<p>A vend\u00e9gh\u00e1z teljes felszerelts\u00e9ggel rendelkezik. \u00c9rkez\u00e9skor <strong>ingyenes parkol\u00e1si<\/strong> lehet\u0151s\u00e9g v\u00e1rja \u00d6nt egy elker\u00edtett, fel\u00fcgyelt parkol\u00f3ban. A vend\u00e9gh\u00e1z eg\u00e9sz ter\u00fclete z\u00e1rt, a gyerekek az udvaron j\u00e1tszhatnak, ahol <strong>m\u00e1sz\u00f3k\u00e1k, hint\u00e1k, kerti h\u00e1z, trambulin \u00e9s ugr\u00e1l\u00f3v\u00e1r<\/strong> tal\u00e1lhat\u00f3. A szabadt\u00e9ri \u00fcl\u0151helyek minden vend\u00e9g sz\u00e1m\u00e1ra rendelkez\u00e9sre \u00e1llnak. Felfriss\u00fclhet a Ricky Caffee-ban, amely k\u00f6zvetlen\u00fcl a helysz\u00ednen tal\u00e1lhat\u00f3.    <\/p>\n\t\t\t\t\t\t<\/div>\n\t\t\t\t<\/div>\n\t\t\t\t<\/div>\n\t\t<div class=\"elementor-element elementor-element-d5b369b e-con-full e-flex e-con e-child\" data-id=\"d5b369b\" data-element_type=\"container\" data-settings=\"{&quot;content_width&quot;:&quot;full&quot;}\">\n\t\t\t\t<div class=\"elementor-element elementor-element-8bd68ac elementor-widget elementor-widget-heading\" data-id=\"8bd68ac\" data-element_type=\"widget\" data-widget_type=\"heading.default\">\n\t\t\t\t<div class=\"elementor-widget-container\">\n\t\t\t<h2 class=\"elementor-heading-title elementor-size-default\">Belt\u00e9r<\/h2>\t\t<\/div>\n\t\t\t\t<\/div>\n\t\t\t\t<div class=\"elementor-element elementor-element-e746117 elementor-widget elementor-widget-text-editor\" data-id=\"e746117\" data-element_type=\"widget\" data-widget_type=\"text-editor.default\">\n\t\t\t\t<div class=\"elementor-widget-container\">\n\t\t\t\t\t\t\t<p>A vend\u00e9gh\u00e1z <strong>20 erk\u00e9lyes szob\u00e1val<\/strong> \u00e9s <strong>egy apartmannal<\/strong> rendelkezik, a teljes befogad\u00f3k\u00e9pess\u00e9g <strong>75 vend\u00e9g<\/strong>. K\u00e9nyelmes sz\u00e1ll\u00e1st k\u00edn\u00e1lunk egyszer\u0171 \u00e9s praktikusan berendezett <strong>k\u00e9t-, h\u00e1rom- vagy n\u00e9gy\u00e1gyas szob\u00e1kban<\/strong>. A szob\u00e1khoz <strong>saj\u00e1t WC \u00e9s zuhanyz\u00f3s vagy k\u00e1das f\u00fcrd\u0151szoba<\/strong> tartozik. LCD TV sz\u00e1llodai csatorn\u00e1kkal \u00e9s f\u00f6ldi sug\u00e1rz\u00e1ssal, valamint <strong>ingyenes nagysebess\u00e9g\u0171 internet-hozz\u00e1f\u00e9r\u00e9ssel<\/strong>. A sz\u00e1ll\u00e1s minden szob\u00e1ja nemdoh\u00e1nyz\u00f3, t\u00f6bbs\u00e9g\u00fckb\u0151l gy\u00f6ny\u00f6r\u0171 kil\u00e1t\u00e1s ny\u00edlik. 2 szoba akad\u00e1lymentes\u00edtett, azonban a zuhanyz\u00f3ban van egy l\u00e9pcs\u0151fok. Az <strong>\u00d6n k\u00e9nyelme \u00e9s komfort\u00e9rzete \u00e9rdek\u00e9ben a szob\u00e1kat minden nap takar\u00edtjuk<\/strong>.     <\/p>\n<p>Vend\u00e9geink sz\u00e1m\u00e1ra t\u00e9r\u00edt\u00e9s ellen\u00e9ben <strong>wellnessk\u00f6zpont, szauna \u00e9s pezsg\u0151f\u00fcrd\u0151, valamint edz\u0151terem<\/strong> \u00e1ll rendelkez\u00e9sre. A vend\u00e9gek ingyenesen haszn\u00e1lhatj\u00e1k a s\u00edl\u00e9cek \u00e9s ker\u00e9kp\u00e1rok t\u00e1rol\u00e1s\u00e1ra szolg\u00e1l\u00f3 t\u00e1rol\u00f3helyet. A vend\u00e9gek rendelkez\u00e9s\u00e9re \u00e1ll egy gyermek- \u00e9s multim\u00e9di\u00e1s sarokkal felszerelt k\u00f6z\u00f6s helyis\u00e9g is, amely ingyenesen haszn\u00e1lhat\u00f3.  <\/p>\n\t\t\t\t\t\t<\/div>\n\t\t\t\t<\/div>\n\t\t\t\t<\/div>\n\t\t\t\t\t<\/div>\n\t\t\t\t<\/div>\n\t\t\t\t<section class=\"elementor-section elementor-top-section elementor-element elementor-element-677818d elementor-section-full_width qodef-elementor-content-grid elementor-section-height-default elementor-section-height-default\" data-id=\"677818d\" data-element_type=\"section\">\n\t\t\t\t\t\t<div class=\"elementor-container elementor-column-gap-no\">\n\t\t\t\t\t<div class=\"elementor-column elementor-col-100 elementor-top-column elementor-element elementor-element-07cfa54\" data-id=\"07cfa54\" data-element_type=\"column\">\n\t\t\t<div class=\"elementor-widget-wrap elementor-element-populated\">\n\t\t\t\t\t\t\t\t<div class=\"elementor-element elementor-element-0e50fad elementor-widget elementor-widget-alloggio_core_banner\" data-id=\"0e50fad\" data-element_type=\"widget\" data-widget_type=\"alloggio_core_banner.default\">\n\t\t\t\t<div class=\"elementor-widget-container\">\n\t\t\t<div class=\"qodef-shortcode qodef-m  qodef-banner qodef-layout--link-overlay qodef--has-text qodef--has-button\">\n\t<div class=\"qodef-m-image\">\n\t<img width=\"1900\" height=\"1267\" src=\"https:\/\/penzionbado.sk\/wp-content\/uploads\/2023\/05\/010_Penzion-Bado_StaraLesna-1.jpg\" class=\"attachment-full size-full\" alt=\"\" decoding=\"async\" srcset=\"https:\/\/penzionbado.sk\/wp-content\/uploads\/2023\/05\/010_Penzion-Bado_StaraLesna-1.jpg 1900w, https:\/\/penzionbado.sk\/wp-content\/uploads\/2023\/05\/010_Penzion-Bado_StaraLesna-1-300x200.jpg 300w, https:\/\/penzionbado.sk\/wp-content\/uploads\/2023\/05\/010_Penzion-Bado_StaraLesna-1-1024x683.jpg 1024w, https:\/\/penzionbado.sk\/wp-content\/uploads\/2023\/05\/010_Penzion-Bado_StaraLesna-1-768x512.jpg 768w, https:\/\/penzionbado.sk\/wp-content\/uploads\/2023\/05\/010_Penzion-Bado_StaraLesna-1-1536x1024.jpg 1536w, https:\/\/penzionbado.sk\/wp-content\/uploads\/2023\/05\/010_Penzion-Bado_StaraLesna-1-600x400.jpg 600w\" sizes=\"(max-width: 1900px) 100vw, 1900px\" \/>\t<a itemprop=\"url\" href=\"\/hu\/galeria\/\" class=\"qodef-m-banner-link\" target=\"_self\"><\/a>\n<\/div>\t<div class=\"qodef-m-content\">\n\t\t<div class=\"qodef-m-content-inner\" style=\"padding: 32px 4% 36px 36px\">\n\t\t\t<div class=\"qodef-m-content-inner-background\" ><\/div>\n\t\t\t<div class=\"qodef-m-content-inner-holder\">\n\t\t\t\t\t<h3 class=\"qodef-m-title\" >B\u00e9k\u00e9s \u00fcnnep<\/h3>\n\t\t\t\t\t<p class=\"qodef-m-text\" >Maradjon t\u00e1vol a k\u00f6rnyez\u0151 v\u00e1rosok ny\u00fczsg\u00e9s\u00e9t\u0151l, aludjon el a t\u00e1trai erd\u0151k suttog\u00e1s\u00e1ra, \u00e9s \u00e9bredjen a Kis- \u00e9s Nagy-Studenovodsk\u00e1-v\u00f6lgyekre, a Lomnici-\u0160t\u00edtra vagy a k\u00f6rnyez\u0151 T\u00e1trai t\u00e1jra.<\/p>\n\t\t\t\t\t<div class=\"qodef-m-button\">\n\t\t<a class=\"qodef-shortcode qodef-m  qodef-button qodef-layout--textual  qodef-html--link\" href=\"\/hu\/galeria\/\" target=\"_self\"  style=\"margin: 15px 0px 6px 0px\">\t<span class=\"qodef-m-text\">Gal\u00e9ria<\/span>\t<span class=\"qodef-m-plus\"><\/span><\/a>\t<\/div>\n\t\t\t\t<a itemprop=\"url\" href=\"\/hu\/galeria\/\" class=\"qodef-m-banner-link\" target=\"_self\"><\/a>\n\t\t\t<\/div>\n\t\t\t<a itemprop=\"url\" href=\"\/hu\/galeria\/\" class=\"qodef-m-banner-link\" target=\"_self\"><\/a>\n\t\t<\/div>\n\t<\/div>\n<\/div>\n\t\t<\/div>\n\t\t\t\t<\/div>\n\t\t\t\t\t<\/div>\n\t\t<\/div>\n\t\t\t\t\t\t\t<\/div>\n\t\t<\/section>\n\t\t\t\t<section class=\"elementor-section elementor-top-section elementor-element elementor-element-88d9237 elementor-section-full_width qodef-elementor-content-grid elementor-section-height-default elementor-section-height-default\" data-id=\"88d9237\" data-element_type=\"section\">\n\t\t\t\t\t\t<div class=\"elementor-container elementor-column-gap-no\">\n\t\t\t\t\t<div class=\"elementor-column elementor-col-100 elementor-top-column elementor-element elementor-element-0f2ff37\" data-id=\"0f2ff37\" data-element_type=\"column\">\n\t\t\t<div class=\"elementor-widget-wrap elementor-element-populated\">\n\t\t\t\t\t\t\t\t<div class=\"elementor-element elementor-element-661559c elementor-arrows-position-inside elementor-widget elementor-widget-image-carousel\" data-id=\"661559c\" data-element_type=\"widget\" data-settings=\"{&quot;slides_to_show&quot;:&quot;4&quot;,&quot;navigation&quot;:&quot;arrows&quot;,&quot;image_spacing_custom&quot;:{&quot;unit&quot;:&quot;px&quot;,&quot;size&quot;:10,&quot;sizes&quot;:[]},&quot;autoplay&quot;:&quot;yes&quot;,&quot;pause_on_hover&quot;:&quot;yes&quot;,&quot;pause_on_interaction&quot;:&quot;yes&quot;,&quot;autoplay_speed&quot;:5000,&quot;infinite&quot;:&quot;yes&quot;,&quot;speed&quot;:500,&quot;image_spacing_custom_tablet&quot;:{&quot;unit&quot;:&quot;px&quot;,&quot;size&quot;:&quot;&quot;,&quot;sizes&quot;:[]},&quot;image_spacing_custom_mobile&quot;:{&quot;unit&quot;:&quot;px&quot;,&quot;size&quot;:&quot;&quot;,&quot;sizes&quot;:[]}}\" data-widget_type=\"image-carousel.default\">\n\t\t\t\t<div class=\"elementor-widget-container\">\n\t\t\t            <div class=\"elementor-image-carousel-wrapper swiper-container\" dir=\"ltr\">\n                <div class=\"elementor-image-carousel swiper-wrapper\" aria-live=\"off\">\n\t\t\t\t\t\t\t\t\t\t<div class=\"swiper-slide\"><figure class=\"swiper-slide-inner\"><img decoding=\"async\" class=\"swiper-slide-image\" src=\"https:\/\/penzionbado.sk\/wp-content\/uploads\/2023\/05\/penzion_bado_exterier-7-1.jpg\" alt=\"penzion_bado_exterier (7)\" \/><\/figure><\/div><div class=\"swiper-slide\"><figure class=\"swiper-slide-inner\"><img decoding=\"async\" class=\"swiper-slide-image\" src=\"https:\/\/penzionbado.sk\/wp-content\/uploads\/2023\/05\/094_Penzion-Bado_StaraLesna.jpg\" alt=\"094_Penzion Bado_StaraLesna\" \/><\/figure><\/div><div class=\"swiper-slide\"><figure class=\"swiper-slide-inner\"><img decoding=\"async\" class=\"swiper-slide-image\" src=\"https:\/\/penzionbado.sk\/wp-content\/uploads\/2023\/05\/088_Penzion-Bado_StaraLesna.jpg\" alt=\"088_Penzion Bado_StaraLesna\" \/><\/figure><\/div><div class=\"swiper-slide\"><figure class=\"swiper-slide-inner\"><img decoding=\"async\" class=\"swiper-slide-image\" src=\"https:\/\/penzionbado.sk\/wp-content\/uploads\/2023\/05\/014_Penzion-Bado_StaraLesna.jpg\" alt=\"k\u00fape\u013e\u0148a\" \/><\/figure><\/div><div class=\"swiper-slide\"><figure class=\"swiper-slide-inner\"><img decoding=\"async\" class=\"swiper-slide-image\" src=\"https:\/\/penzionbado.sk\/wp-content\/uploads\/2023\/05\/077_Penzion-Bado_StaraLesna.jpg\" alt=\"077_Penzion Bado_StaraLesna\" \/><\/figure><\/div><div class=\"swiper-slide\"><figure class=\"swiper-slide-inner\"><img decoding=\"async\" class=\"swiper-slide-image\" src=\"https:\/\/penzionbado.sk\/wp-content\/uploads\/2023\/05\/015_Penzion-Bado_StaraLesna-2.jpg\" alt=\"015_Penzion Bado_StaraLesna (2)\" \/><\/figure><\/div><div class=\"swiper-slide\"><figure class=\"swiper-slide-inner\"><img decoding=\"async\" class=\"swiper-slide-image\" src=\"https:\/\/penzionbado.sk\/wp-content\/uploads\/2023\/05\/138_Penzion-Bado_StaraLesna-1.jpg\" alt=\"138_Penzion Bado_StaraLesna\" \/><\/figure><\/div><div class=\"swiper-slide\"><figure class=\"swiper-slide-inner\"><img decoding=\"async\" class=\"swiper-slide-image\" src=\"https:\/\/penzionbado.sk\/wp-content\/uploads\/2023\/05\/007_Penzion-Bado_StaraLesna.jpg\" alt=\"007_Penzion Bado_StaraLesna\" \/><\/figure><\/div><div class=\"swiper-slide\"><figure class=\"swiper-slide-inner\"><img decoding=\"async\" class=\"swiper-slide-image\" src=\"https:\/\/penzionbado.sk\/wp-content\/uploads\/2023\/05\/penzion_bado_exterier-6-1.jpg\" alt=\"penzion_bado_exterier (6)\" \/><\/figure><\/div><div class=\"swiper-slide\"><figure class=\"swiper-slide-inner\"><img decoding=\"async\" class=\"swiper-slide-image\" src=\"https:\/\/penzionbado.sk\/wp-content\/uploads\/2023\/05\/penzion_bado_exterier-1.jpg\" alt=\"penzion_bado_exterier\" \/><\/figure><\/div><div class=\"swiper-slide\"><figure class=\"swiper-slide-inner\"><img decoding=\"async\" class=\"swiper-slide-image\" src=\"https:\/\/penzionbado.sk\/wp-content\/uploads\/2023\/05\/penzion_bado_exterier-8-1.jpg\" alt=\"penzion_bado_exterier (8)\" \/><\/figure><\/div><div class=\"swiper-slide\"><figure class=\"swiper-slide-inner\"><img decoding=\"async\" class=\"swiper-slide-image\" src=\"https:\/\/penzionbado.sk\/wp-content\/uploads\/2023\/05\/penzion_bado_exterier-5-1.jpg\" alt=\"penzion_bado_exterier (5)\" \/><\/figure><\/div><div class=\"swiper-slide\"><figure class=\"swiper-slide-inner\"><img decoding=\"async\" class=\"swiper-slide-image\" src=\"https:\/\/penzionbado.sk\/wp-content\/uploads\/2023\/05\/penzion_bado_exterier-4-1.jpg\" alt=\"penzion_bado_exterier (4)\" \/><\/figure><\/div><div class=\"swiper-slide\"><figure class=\"swiper-slide-inner\"><img decoding=\"async\" class=\"swiper-slide-image\" src=\"https:\/\/penzionbado.sk\/wp-content\/uploads\/2023\/05\/098_Penzion-Bado_StaraLesna.jpg\" alt=\"098_Penzion Bado_StaraLesna\" \/><\/figure><\/div><div class=\"swiper-slide\"><figure class=\"swiper-slide-inner\"><img decoding=\"async\" class=\"swiper-slide-image\" src=\"https:\/\/penzionbado.sk\/wp-content\/uploads\/2023\/05\/030_Penzion-Bado_StaraLesna.jpg\" alt=\"030_Penzion Bado_StaraLesna\" \/><\/figure><\/div><div class=\"swiper-slide\"><figure class=\"swiper-slide-inner\"><img decoding=\"async\" class=\"swiper-slide-image\" src=\"https:\/\/penzionbado.sk\/wp-content\/uploads\/2023\/05\/033_Penzion-Bado_StaraLesna.jpg\" alt=\"033_Penzion Bado_StaraLesna\" \/><\/figure><\/div><div class=\"swiper-slide\"><figure class=\"swiper-slide-inner\"><img decoding=\"async\" class=\"swiper-slide-image\" src=\"https:\/\/penzionbado.sk\/wp-content\/uploads\/2023\/05\/045_Penzion-Bado_StaraLesna.jpg\" alt=\"045_Penzion Bado_StaraLesna\" \/><\/figure><\/div><div class=\"swiper-slide\"><figure class=\"swiper-slide-inner\"><img decoding=\"async\" class=\"swiper-slide-image\" src=\"https:\/\/penzionbado.sk\/wp-content\/uploads\/2023\/05\/046_Penzion-Bado_StaraLesna.jpg\" alt=\"046_Penzion Bado_StaraLesna\" \/><\/figure><\/div><div class=\"swiper-slide\"><figure class=\"swiper-slide-inner\"><img decoding=\"async\" class=\"swiper-slide-image\" src=\"https:\/\/penzionbado.sk\/wp-content\/uploads\/2023\/05\/049_Penzion-Bado_StaraLesna.jpg\" alt=\"049_Penzion Bado_StaraLesna\" \/><\/figure><\/div><div class=\"swiper-slide\"><figure class=\"swiper-slide-inner\"><img decoding=\"async\" class=\"swiper-slide-image\" src=\"https:\/\/penzionbado.sk\/wp-content\/uploads\/2023\/05\/051_Penzion-Bado_StaraLesna.jpg\" alt=\"051_Penzion Bado_StaraLesna\" \/><\/figure><\/div><div class=\"swiper-slide\"><figure class=\"swiper-slide-inner\"><img decoding=\"async\" class=\"swiper-slide-image\" src=\"https:\/\/penzionbado.sk\/wp-content\/uploads\/2023\/05\/054_Penzion-Bado_StaraLesna.jpg\" alt=\"Z\u00e1jazdy pre seniorov - wellness\" \/><\/figure><\/div><div class=\"swiper-slide\"><figure class=\"swiper-slide-inner\"><img decoding=\"async\" class=\"swiper-slide-image\" src=\"https:\/\/penzionbado.sk\/wp-content\/uploads\/2023\/05\/055_Penzion-Bado_StaraLesna.jpg\" alt=\"Z\u00e1jazdy pre seniorov - wellness\" \/><\/figure><\/div><div class=\"swiper-slide\"><figure class=\"swiper-slide-inner\"><img decoding=\"async\" class=\"swiper-slide-image\" src=\"https:\/\/penzionbado.sk\/wp-content\/uploads\/2023\/05\/085_Penzion-Bado_StaraLesna.jpg\" alt=\"085_Penzion Bado_StaraLesna\" \/><\/figure><\/div><div class=\"swiper-slide\"><figure class=\"swiper-slide-inner\"><img decoding=\"async\" class=\"swiper-slide-image\" src=\"https:\/\/penzionbado.sk\/wp-content\/uploads\/2023\/05\/022_Penzion-Bado_StaraLesna.jpg\" alt=\"022_Penzion Bado_StaraLesna\" \/><\/figure><\/div><div class=\"swiper-slide\"><figure class=\"swiper-slide-inner\"><img decoding=\"async\" class=\"swiper-slide-image\" src=\"https:\/\/penzionbado.sk\/wp-content\/uploads\/2023\/05\/019_Penzion-Bado_StaraLesna-1.jpg\" alt=\"019_Penzion Bado_StaraLesna\" \/><\/figure><\/div><div class=\"swiper-slide\"><figure class=\"swiper-slide-inner\"><img decoding=\"async\" class=\"swiper-slide-image\" src=\"https:\/\/penzionbado.sk\/wp-content\/uploads\/2023\/05\/004_Penzion-Bado_StaraLesna.jpg\" alt=\"004_Penzion Bado_StaraLesna\" \/><\/figure><\/div><div class=\"swiper-slide\"><figure class=\"swiper-slide-inner\"><img decoding=\"async\" class=\"swiper-slide-image\" src=\"https:\/\/penzionbado.sk\/wp-content\/uploads\/2023\/05\/penzion_bado_exterier-9-1.jpg\" alt=\"penzion_bado_exterier (9)\" \/><\/figure><\/div>                <\/div>\n\t\t\t\t\t\t\t\t\t\t\t\t\t\t                        <div class=\"elementor-swiper-button elementor-swiper-button-prev\">\n                            <i class=\"eicon-chevron-left\" aria-hidden=\"true\"><\/i>\n                            <span class=\"elementor-screen-only\">El\u0151z\u0151<\/span>\n                        <\/div>\n                        <div class=\"elementor-swiper-button elementor-swiper-button-next\">\n                            <i class=\"eicon-chevron-right\" aria-hidden=\"true\"><\/i>\n                            <span class=\"elementor-screen-only\">K\u00f6vetkez\u0151<\/span>\n                        <\/div>\n\t\t\t\t\t\t\t\t\t            <\/div>\n\t\t\t\t\t<\/div>\n\t\t\t\t<\/div>\n\t\t\t\t\t<\/div>\n\t\t<\/div>\n\t\t\t\t\t\t\t<\/div>\n\t\t<\/section>\n\t\t<div class=\"elementor-element elementor-element-2133c35 e-flex e-con-boxed e-con e-parent\" data-id=\"2133c35\" data-element_type=\"container\" data-settings=\"{&quot;content_width&quot;:&quot;boxed&quot;}\" data-core-v316-plus=\"true\">\n\t\t\t\t\t<div class=\"e-con-inner\">\n\t\t<div class=\"elementor-element elementor-element-e8b24b1 e-con-full e-flex e-con e-child\" data-id=\"e8b24b1\" data-element_type=\"container\" data-settings=\"{&quot;content_width&quot;:&quot;full&quot;}\">\n\t\t\t\t<div class=\"elementor-element elementor-element-3c103d1 elementor-widget elementor-widget-heading\" data-id=\"3c103d1\" data-element_type=\"widget\" data-widget_type=\"heading.default\">\n\t\t\t\t<div class=\"elementor-widget-container\">\n\t\t\t<h2 class=\"elementor-heading-title elementor-size-default\">Gasztron\u00f3mia<\/h2>\t\t<\/div>\n\t\t\t\t<\/div>\n\t\t\t\t<\/div>\n\t\t<div class=\"elementor-element elementor-element-5922f32 e-con-full e-flex e-con e-child\" data-id=\"5922f32\" data-element_type=\"container\" data-settings=\"{&quot;content_width&quot;:&quot;full&quot;}\">\n\t\t\t\t<div class=\"elementor-element elementor-element-83356fa elementor-widget elementor-widget-alloggio_core_accordion\" data-id=\"83356fa\" data-element_type=\"widget\" data-widget_type=\"alloggio_core_accordion.default\">\n\t\t\t\t<div class=\"elementor-widget-container\">\n\t\t\t<div class=\"qodef-shortcode qodef-m  qodef-accordion clear qodef-behavior--accordion qodef-layout--simple\">\n\t<h3 class=\"qodef-accordion-title\">\n\t<span class=\"qodef-tab-title\">\n\t\tEb\u00e9dl\u0151\t<\/span>\n\t<span class=\"qodef-accordion-mark\">\n\t\t<span class=\"qodef-icon--arrow-down\"><span class=\"qodef-icon-linea-icons icon-arrows-down\" ><\/span><\/span>\n\t\t<span class=\"qodef-icon--arrow-up\"><span class=\"qodef-icon-linea-icons icon-arrows-up\" ><\/span><\/span>\n\t<\/span>\n<\/h3>\n<div class=\"qodef-accordion-content\">\n\t<div class=\"qodef-accordion-content-inner\">\n\t\tEb\u00e9dl\u0151nkben heti men\u00fc form\u00e1j\u00e1ban<strong>f\u00e9lpanzi\u00f3s ell\u00e1t\u00e1s<\/strong>t k\u00edn\u00e1lunk vend\u00e9geinknek. F\u0151z\u00fcnk<strong>klasszikus szlov\u00e1k \u00e9teleket, hagyom\u00e1nyos \u0151szinte konyh\u00e1t<\/strong>. Megegyez\u00e9s szerint k\u00e9sz\u00edt\u00fcnk<strong>veget\u00e1ri\u00e1nus men\u00fct vagy glut\u00e9nmentes di\u00e9t\u00e1t<\/strong> is. A reggeli <strong>kontinent\u00e1lis<\/strong>, <strong>8:00<\/strong>kor szolg\u00e1lj\u00e1k fel, ha kora reggeli t\u00far\u00e1t tervez, sz\u00edvesen elsz\u00e1ll\u00e1soljuk \u00e9s kor\u00e1bban felszolg\u00e1ljuk a reggelit. A frissen k\u00e9sz\u00edtett <strong>k\u00e9tfog\u00e1sos vacsora 18:00-kor<\/strong> ker\u00fcl felszolg\u00e1l\u00e1sra. A k\u00f6z\u00f6s helyis\u00e9gben mikrohull\u00e1m\u00fa s\u00fct\u0151 \u00e9s elektromos v\u00edzforral\u00f3 \u00e1ll a vend\u00e9gek rendelkez\u00e9s\u00e9re.\n\n<strong>Minden szob\u00e1hoz saj\u00e1t asztal tartozik az \u00e9tkez\u0151ben, amelyet a lefoglalt tart\u00f3zkod\u00e1s t\u00edpus\u00e1t\u00f3l f\u00fcgg\u0151en reggelire vagy vacsor\u00e1ra haszn\u00e1lnak a tart\u00f3zkod\u00e1s ideje alatt. Az \u00e9tterembe bel\u00e9pve a h\u00e1zigazda vagy a pinc\u00e9rn\u0151 \u00fclj\u00f6n le.<\/strong>\n\n<strong>Vacsora a vend\u00e9gh\u00e1zban:<\/strong>\n<ul class=\"mb-0\">\n <li><i>leves az aktu\u00e1lis men\u00fc szerint<\/i><\/li>\n <li><i>f\u0151\u00e9tel az aktu\u00e1lis men\u00fc szerint<\/i><\/li>\n <li><i>alkoholmentes \u00e9s alkoholos italok az \u00e1rlista szerint<\/i><\/li>\n <li><i>k\u00e1v\u00e9, tea, bor, s\u00f6r \u00e1rlista szerint<\/i><\/li>\n<\/ul>\t<\/div>\n<\/div><h3 class=\"qodef-accordion-title\">\n\t<span class=\"qodef-tab-title\">\n\t\tK\u00e1v\u00e9h\u00e1z\t<\/span>\n\t<span class=\"qodef-accordion-mark\">\n\t\t<span class=\"qodef-icon--arrow-down\"><span class=\"qodef-icon-linea-icons icon-arrows-down\" ><\/span><\/span>\n\t\t<span class=\"qodef-icon--arrow-up\"><span class=\"qodef-icon-linea-icons icon-arrows-up\" ><\/span><\/span>\n\t<\/span>\n<\/h3>\n<div class=\"qodef-accordion-content\">\n\t<div class=\"qodef-accordion-content-inner\">\n\t\t<p>A helysz\u00ednen van egy Ricky Caffe k\u00e1v\u00e9z\u00f3.Vend\u00e9geink rendelkez\u00e9s\u00e9re \u00e1ll hetente <strong>16:00 \u00e9s 22:00 \u00f3ra<\/strong> k\u00f6z\u00f6tt, m\u00edg a holtszezonban <strong>h\u00e9tf\u0151n \u00e9s kedden z\u00e1rva tart.<\/strong> A szezonban h\u00e9tf\u0151 kiv\u00e9tel\u00e9vel eg\u00e9sz h\u00e9ten nyitva tart. K\u00edn\u00e1latunkban kiv\u00e1l\u00f3 min\u0151s\u00e9g\u0171 Poprad Finca k\u00e1v\u00e9, Litovel, Steiger \u00e9s Zubr pr\u00e9mium s\u00f6rm\u00e1rk\u00e1k, valamint eredeti Kofola csapolunk. Itt mindenf\u00e9le t\u00e1trai te\u00e1t \u00e9s egy\u00e9b alkoholos \u00e9s alkoholmentes italokat tal\u00e1lsz. \u00dclhet bent vagy k\u00edv\u00fcl a k\u00e1v\u00e9z\u00f3 el\u0151tt.<\/p>\t<\/div>\n<\/div><h3 class=\"qodef-accordion-title\">\n\t<span class=\"qodef-tab-title\">\n\t\t\u00c9ttermek a k\u00f6rny\u00e9ken\t<\/span>\n\t<span class=\"qodef-accordion-mark\">\n\t\t<span class=\"qodef-icon--arrow-down\"><span class=\"qodef-icon-linea-icons icon-arrows-down\" ><\/span><\/span>\n\t\t<span class=\"qodef-icon--arrow-up\"><span class=\"qodef-icon-linea-icons icon-arrows-up\" ><\/span><\/span>\n\t<\/span>\n<\/h3>\n<div class=\"qodef-accordion-content\">\n\t<div class=\"qodef-accordion-content-inner\">\n\t\tA k\u00f6vetkez\u0151 \u00e9ttermek gyalogosan el\u00e9rhet\u0151ek a T\u00e1tra fel\u00e9: Pizz\u00e9ria (350m), Zbojn\u00edcka koliba (350m) \u00e9s Famosa \u00e9tterem pizz\u00e9ri\u00e1val (500m).\t<\/div>\n<\/div><\/div>\t\t<\/div>\n\t\t\t\t<\/div>\n\t\t\t\t<\/div>\n\t\t\t\t\t<\/div>\n\t\t\t\t<\/div>\n\t\t<div class=\"elementor-element elementor-element-657343f e-flex e-con-boxed e-con e-parent\" data-id=\"657343f\" data-element_type=\"container\" data-settings=\"{&quot;background_background&quot;:&quot;classic&quot;,&quot;content_width&quot;:&quot;boxed&quot;}\" data-core-v316-plus=\"true\">\n\t\t\t\t\t<div class=\"e-con-inner\">\n\t\t<div class=\"elementor-element elementor-element-ab9b337 e-con-full e-flex e-con e-child\" data-id=\"ab9b337\" data-element_type=\"container\" data-settings=\"{&quot;content_width&quot;:&quot;full&quot;}\">\n\t\t\t\t<div class=\"elementor-element elementor-element-07df919 elementor-widget elementor-widget-heading\" data-id=\"07df919\" data-element_type=\"widget\" data-widget_type=\"heading.default\">\n\t\t\t\t<div class=\"elementor-widget-container\">\n\t\t\t<h2 class=\"elementor-heading-title elementor-size-default\">Helysz\u00edn<\/h2>\t\t<\/div>\n\t\t\t\t<\/div>\n\t\t\t\t<\/div>\n\t\t<div class=\"elementor-element elementor-element-39b10d2 e-con-full e-flex e-con e-child\" data-id=\"39b10d2\" data-element_type=\"container\" data-settings=\"{&quot;content_width&quot;:&quot;full&quot;}\">\n\t\t\t\t<div class=\"elementor-element elementor-element-e8adfda elementor-widget elementor-widget-alloggio_core_accordion\" data-id=\"e8adfda\" data-element_type=\"widget\" data-widget_type=\"alloggio_core_accordion.default\">\n\t\t\t\t<div class=\"elementor-widget-container\">\n\t\t\t<div class=\"qodef-shortcode qodef-m  qodef-accordion clear qodef-behavior--accordion qodef-layout--simple\">\n\t<h3 class=\"qodef-accordion-title\">\n\t<span class=\"qodef-tab-title\">\n\t\tElhelyezked\u00e9s \u00e9s megk\u00f6zel\u00edthet\u0151s\u00e9g\t<\/span>\n\t<span class=\"qodef-accordion-mark\">\n\t\t<span class=\"qodef-icon--arrow-down\"><span class=\"qodef-icon-linea-icons icon-arrows-down\" ><\/span><\/span>\n\t\t<span class=\"qodef-icon--arrow-up\"><span class=\"qodef-icon-linea-icons icon-arrows-up\" ><\/span><\/span>\n\t<\/span>\n<\/h3>\n<div class=\"qodef-accordion-content\">\n\t<div class=\"qodef-accordion-content-inner\">\n\t\tStar\u00e1 Lesn\u00e1 falu a T\u00e1trai Nemzeti Park als\u00f3 hat\u00e1ra alatt, a Popr\u00e1di-medenc\u00e9ben tal\u00e1lhat\u00f3. Fekv\u00e9s\u00e9nek k\u00f6sz\u00f6nhet\u0151en a Magas-T\u00e1tra kapuja \u00e9s jelent\u0151s turisztikai k\u00f6zpont.\n\nStar\u00e1 Lesn\u00e1ba mindk\u00e9t ir\u00e1nyb\u00f3l el lehet jutni. <strong>Buszok \u00e9s vonatok Popr\u00e1dr\u00f3l j\u00e1rnak hozz\u00e1nk, K\u00e9sm\u00e1rkr\u00f3l csak buszok (a busz- \u00e9s vonatmeg\u00e1ll\u00f3k 300 m-en bel\u00fcl tal\u00e1lhat\u00f3k a vend\u00e9gh\u00e1zt\u00f3l).<\/strong> A k\u00f6rnyez\u0151 v\u00e1rosokkal \u00e9s \u00fcd\u00fcl\u0151helyekkel j\u00f3 \u00f6sszek\u00f6ttet\u00e9st biztos\u00edt a T\u00e1trai Villamosvas\u00fat (villamosmeg\u00e1ll\u00f3 1,5 km-re van a vend\u00e9gh\u00e1zt\u00f3l). <strong>A popr\u00e1di nemzetk\u00f6zi rep\u00fcl\u0151t\u00e9r mind\u00f6ssze 17 km-re tal\u00e1lhat\u00f3 a falut\u00f3l.<\/strong>\t<\/div>\n<\/div><h3 class=\"qodef-accordion-title\">\n\t<span class=\"qodef-tab-title\">\n\t\tK\u00f6rnyez\u0151 v\u00e1rosok \u00e9s falvak\t<\/span>\n\t<span class=\"qodef-accordion-mark\">\n\t\t<span class=\"qodef-icon--arrow-down\"><span class=\"qodef-icon-linea-icons icon-arrows-down\" ><\/span><\/span>\n\t\t<span class=\"qodef-icon--arrow-up\"><span class=\"qodef-icon-linea-icons icon-arrows-up\" ><\/span><\/span>\n\t<\/span>\n<\/h3>\n<div class=\"qodef-accordion-content\">\n\t<div class=\"qodef-accordion-content-inner\">\n\t\t<ul>\n <li><strong>T\u00e1tralomnic<\/strong> <strong>5 km<\/strong> \u2013 TANAP M\u00fazeum, botanikus kert, felvon\u00f3 Lomnick\u00fd \u0160t\u00edtbe \u2013 csillagvizsg\u00e1l\u00f3, k\u00f6zbens\u0151 \u00e1llom\u00e1s Skalnat\u00fd Pleso-n\u00e1l<\/li>\n <li><strong>Star\u00fd Smokovec 6 km<\/strong> \u2013 Sikl\u00f3 Hrebienokba<\/li>\n <li><strong>Hrebienok 7 km<\/strong> - Bil\u00edk h\u00e1zik\u00f3ja, Zamkovsk\u00fd nyaral\u00f3ja, T\u00e9ry h\u00e1zik\u00f3ja, Zbojn\u00edcka kunyh\u00f3, Slavkovsk\u00fd \u0161t\u00edt, Sliezsky dom, Studen\u00fd potok v\u00edzes\u00e9sek<\/li>\n <li><strong>K\u00e9sm\u00e1rk 11km<\/strong> \u2013 v\u00e1rosi v\u00e1r, f\u00e1b\u00f3l k\u00e9sz\u00fclt artikul\u00e1ris templom, v\u00f6r\u00f6s evang\u00e9likus templom, K\u00f6z\u00e9p-Eur\u00f3pa legnagyobb iskolai k\u00f6nyvt\u00e1ra, polg\u00e1ri lak\u00f3\u00e9p\u00edt\u00e9szeti m\u00fazeum<\/li>\n <li><strong>Poprad 14 km<\/strong> \u2013 Aquacity Poprad \u2013 v\u00edzi vil\u00e1g \u2013 wellness, \u00fasz\u00f3medenc\u00e9k, massz\u00e1zsok, cs\u00faszd\u00e1k, gal\u00e9ri\u00e1k \u00e9s m\u00fazeum.<\/li>\n <li><strong>Vrbov 12km<\/strong> \u2013 Thermalpark - term\u00e1lf\u00fcrd\u0151 sz\u00e1mos v\u00edzi attrakci\u00f3val, cs\u00faszd\u00e1val.<\/li>\n <li><strong>\u0160trbsk\u00e9 Pleso 23 km<\/strong> - t\u00f6bb magaslati t\u00fara kiindul\u00f3pontja (K\u00f4provsk\u00fd \u0161t\u00edt, Popradsk\u00e9 Pleso, Szimbolikus temet\u0151, felemelked\u00e9s Rysy-be).<\/li>\n<\/ul>\t<\/div>\n<\/div><h3 class=\"qodef-accordion-title\">\n\t<span class=\"qodef-tab-title\">\n\t\tFelszerelts\u00e9g\t<\/span>\n\t<span class=\"qodef-accordion-mark\">\n\t\t<span class=\"qodef-icon--arrow-down\"><span class=\"qodef-icon-linea-icons icon-arrows-down\" ><\/span><\/span>\n\t\t<span class=\"qodef-icon--arrow-up\"><span class=\"qodef-icon-linea-icons icon-arrows-up\" ><\/span><\/span>\n\t<\/span>\n<\/h3>\n<div class=\"qodef-accordion-content\">\n\t<div class=\"qodef-accordion-content-inner\">\n\t\t<p>Benzink\u00fat \u2013 Ve\u013ek\u00e1 Lomnica 3km<\/p><p>Vas\u00fat\u00e1llom\u00e1s - 300 m<\/p><p>Buszmeg\u00e1ll\u00f3 - 300 m<\/p><p>Villamosmeg\u00e1ll\u00f3 - 3 km<\/p><p>\u00c9lelmiszer - 250 m<\/p><p>LIDL \u2013 Popr\u00e1d, K\u00e9sm\u00e1rk 10 perc aut\u00f3\u00fatra<\/p>\t<\/div>\n<\/div><\/div>\t\t<\/div>\n\t\t\t\t<\/div>\n\t\t\t\t<\/div>\n\t\t\t\t\t<\/div>\n\t\t\t\t<\/div>\n\t\t\t\t<section class=\"elementor-section elementor-top-section elementor-element elementor-element-7e76ed9 elementor-section-full_width qodef-elementor-content-grid elementor-section-height-default elementor-section-height-default\" data-id=\"7e76ed9\" data-element_type=\"section\">\n\t\t\t\t\t\t<div class=\"elementor-container elementor-column-gap-no\">\n\t\t\t\t\t<div class=\"elementor-column elementor-col-33 elementor-top-column elementor-element elementor-element-8064bdb\" data-id=\"8064bdb\" data-element_type=\"column\">\n\t\t\t<div class=\"elementor-widget-wrap elementor-element-populated\">\n\t\t\t\t\t\t\t\t<div class=\"elementor-element elementor-element-cdf11a6 elementor-widget elementor-widget-alloggio_core_banner\" data-id=\"cdf11a6\" data-element_type=\"widget\" data-widget_type=\"alloggio_core_banner.default\">\n\t\t\t\t<div class=\"elementor-widget-container\">\n\t\t\t<div class=\"qodef-shortcode qodef-m  qodef-banner qodef-layout--link-overlay  qodef--has-button\">\n\t<div class=\"qodef-m-image\">\n\t<img width=\"680\" height=\"680\" src=\"https:\/\/penzionbado.sk\/wp-content\/uploads\/2023\/05\/090_Penzion-Bado_StaraLesna-e1683025245656.jpg\" class=\"attachment-full size-full\" alt=\"\" decoding=\"async\" srcset=\"https:\/\/penzionbado.sk\/wp-content\/uploads\/2023\/05\/090_Penzion-Bado_StaraLesna-e1683025245656.jpg 680w, https:\/\/penzionbado.sk\/wp-content\/uploads\/2023\/05\/090_Penzion-Bado_StaraLesna-e1683025245656-300x300.jpg 300w, https:\/\/penzionbado.sk\/wp-content\/uploads\/2023\/05\/090_Penzion-Bado_StaraLesna-e1683025245656-100x100.jpg 100w, https:\/\/penzionbado.sk\/wp-content\/uploads\/2023\/05\/090_Penzion-Bado_StaraLesna-e1683025245656-600x600.jpg 600w, https:\/\/penzionbado.sk\/wp-content\/uploads\/2023\/05\/090_Penzion-Bado_StaraLesna-e1683025245656-150x150.jpg 150w, https:\/\/penzionbado.sk\/wp-content\/uploads\/2023\/05\/090_Penzion-Bado_StaraLesna-e1683025245656-650x650.jpg 650w\" sizes=\"(max-width: 680px) 100vw, 680px\" \/>\t<a itemprop=\"url\" href=\"\/hu\/szobak\/\" class=\"qodef-m-banner-link\" target=\"_self\"><\/a>\n<\/div>\t<div class=\"qodef-m-content\">\n\t\t<div class=\"qodef-m-content-inner\" style=\"padding: 36px 23% 36px 55px\">\n\t\t\t<div class=\"qodef-m-content-inner-background\" style=\"background-color: #FFFFFF80\"><\/div>\n\t\t\t<div class=\"qodef-m-content-inner-holder\">\n\t\t\t\t\t\t\t\t\t\t\t\t\t<div class=\"qodef-m-button\">\n\t\t<a class=\"qodef-shortcode qodef-m  qodef-button qodef-layout--filled  qodef-html--link\" href=\"\/hu\/szobak\/\" target=\"_self\"  >\t<span class=\"qodef-m-text\">Sz\u00e9p szob\u00e1k<\/span>\t<span class=\"qodef-m-background-holder\" ><\/span><\/a>\t<\/div>\n\t\t\t\t<a itemprop=\"url\" href=\"\/hu\/szobak\/\" class=\"qodef-m-banner-link\" target=\"_self\"><\/a>\n\t\t\t<\/div>\n\t\t\t<a itemprop=\"url\" href=\"\/hu\/szobak\/\" class=\"qodef-m-banner-link\" target=\"_self\"><\/a>\n\t\t<\/div>\n\t<\/div>\n<\/div>\n\t\t<\/div>\n\t\t\t\t<\/div>\n\t\t\t\t\t<\/div>\n\t\t<\/div>\n\t\t\t\t<div class=\"elementor-column elementor-col-33 elementor-top-column elementor-element elementor-element-59f02a2\" data-id=\"59f02a2\" data-element_type=\"column\">\n\t\t\t<div class=\"elementor-widget-wrap elementor-element-populated\">\n\t\t\t\t\t\t\t\t<div class=\"elementor-element elementor-element-108df70 elementor-widget elementor-widget-alloggio_core_banner\" data-id=\"108df70\" data-element_type=\"widget\" data-widget_type=\"alloggio_core_banner.default\">\n\t\t\t\t<div class=\"elementor-widget-container\">\n\t\t\t<div class=\"qodef-shortcode qodef-m  qodef-banner qodef-layout--link-overlay  qodef--has-button\">\n\t<div class=\"qodef-m-image\">\n\t<img width=\"680\" height=\"680\" src=\"https:\/\/penzionbado.sk\/wp-content\/uploads\/2023\/05\/075_Penzion-Bado_StaraLesna-e1683025399135.jpg\" class=\"attachment-full size-full\" alt=\"\" decoding=\"async\" srcset=\"https:\/\/penzionbado.sk\/wp-content\/uploads\/2023\/05\/075_Penzion-Bado_StaraLesna-e1683025399135.jpg 680w, https:\/\/penzionbado.sk\/wp-content\/uploads\/2023\/05\/075_Penzion-Bado_StaraLesna-e1683025399135-300x300.jpg 300w, https:\/\/penzionbado.sk\/wp-content\/uploads\/2023\/05\/075_Penzion-Bado_StaraLesna-e1683025399135-100x100.jpg 100w, https:\/\/penzionbado.sk\/wp-content\/uploads\/2023\/05\/075_Penzion-Bado_StaraLesna-e1683025399135-600x600.jpg 600w, https:\/\/penzionbado.sk\/wp-content\/uploads\/2023\/05\/075_Penzion-Bado_StaraLesna-e1683025399135-150x150.jpg 150w, https:\/\/penzionbado.sk\/wp-content\/uploads\/2023\/05\/075_Penzion-Bado_StaraLesna-e1683025399135-650x650.jpg 650w\" sizes=\"(max-width: 680px) 100vw, 680px\" \/>\t<a itemprop=\"url\" href=\"\/hu\/arlista\/\" class=\"qodef-m-banner-link\" target=\"_self\"><\/a>\n<\/div>\t<div class=\"qodef-m-content\">\n\t\t<div class=\"qodef-m-content-inner\" style=\"padding: 36px 23% 36px 55px\">\n\t\t\t<div class=\"qodef-m-content-inner-background\" style=\"background-color: #FFFFFF80\"><\/div>\n\t\t\t<div class=\"qodef-m-content-inner-holder\">\n\t\t\t\t\t\t\t\t\t\t\t\t\t<div class=\"qodef-m-button\">\n\t\t<a class=\"qodef-shortcode qodef-m  qodef-button qodef-layout--filled  qodef-html--link\" href=\"\/hu\/arlista\/\" target=\"_self\"  >\t<span class=\"qodef-m-text\">Remek \u00e1rak<\/span>\t<span class=\"qodef-m-background-holder\" ><\/span><\/a>\t<\/div>\n\t\t\t\t<a itemprop=\"url\" href=\"\/hu\/arlista\/\" class=\"qodef-m-banner-link\" target=\"_self\"><\/a>\n\t\t\t<\/div>\n\t\t\t<a itemprop=\"url\" href=\"\/hu\/arlista\/\" class=\"qodef-m-banner-link\" target=\"_self\"><\/a>\n\t\t<\/div>\n\t<\/div>\n<\/div>\n\t\t<\/div>\n\t\t\t\t<\/div>\n\t\t\t\t\t<\/div>\n\t\t<\/div>\n\t\t\t\t<div class=\"elementor-column elementor-col-33 elementor-top-column elementor-element elementor-element-ba3787e\" data-id=\"ba3787e\" data-element_type=\"column\">\n\t\t\t<div class=\"elementor-widget-wrap elementor-element-populated\">\n\t\t\t\t\t\t\t\t<div class=\"elementor-element elementor-element-0e25014 elementor-widget elementor-widget-alloggio_core_banner\" data-id=\"0e25014\" data-element_type=\"widget\" data-widget_type=\"alloggio_core_banner.default\">\n\t\t\t\t<div class=\"elementor-widget-container\">\n\t\t\t<div class=\"qodef-shortcode qodef-m  qodef-banner qodef-layout--link-overlay  qodef--has-button\">\n\t<div class=\"qodef-m-image\">\n\t<img width=\"680\" height=\"680\" src=\"https:\/\/penzionbado.sk\/wp-content\/uploads\/2023\/05\/111_Penzion-Bado_StaraLesna_6.3.2023-e1683025482662.jpg\" class=\"attachment-full size-full\" alt=\"\" decoding=\"async\" srcset=\"https:\/\/penzionbado.sk\/wp-content\/uploads\/2023\/05\/111_Penzion-Bado_StaraLesna_6.3.2023-e1683025482662.jpg 680w, https:\/\/penzionbado.sk\/wp-content\/uploads\/2023\/05\/111_Penzion-Bado_StaraLesna_6.3.2023-e1683025482662-300x300.jpg 300w, https:\/\/penzionbado.sk\/wp-content\/uploads\/2023\/05\/111_Penzion-Bado_StaraLesna_6.3.2023-e1683025482662-100x100.jpg 100w, https:\/\/penzionbado.sk\/wp-content\/uploads\/2023\/05\/111_Penzion-Bado_StaraLesna_6.3.2023-e1683025482662-600x600.jpg 600w, https:\/\/penzionbado.sk\/wp-content\/uploads\/2023\/05\/111_Penzion-Bado_StaraLesna_6.3.2023-e1683025482662-150x150.jpg 150w, https:\/\/penzionbado.sk\/wp-content\/uploads\/2023\/05\/111_Penzion-Bado_StaraLesna_6.3.2023-e1683025482662-650x650.jpg 650w\" sizes=\"(max-width: 680px) 100vw, 680px\" \/>\t<a itemprop=\"url\" href=\"\/hu\/kornyek\/\" class=\"qodef-m-banner-link\" target=\"_self\"><\/a>\n<\/div>\t<div class=\"qodef-m-content\">\n\t\t<div class=\"qodef-m-content-inner\" style=\"padding: 36px 23% 36px 55px\">\n\t\t\t<div class=\"qodef-m-content-inner-background\" style=\"background-color: #FFFFFF80\"><\/div>\n\t\t\t<div class=\"qodef-m-content-inner-holder\">\n\t\t\t\t\t\t\t\t\t\t\t\t\t<div class=\"qodef-m-button\">\n\t\t<a class=\"qodef-shortcode qodef-m  qodef-button qodef-layout--filled  qodef-html--link\" href=\"\/hu\/kornyek\/\" target=\"_self\"  >\t<span class=\"qodef-m-text\">Csod\u00e1latos k\u00f6rnyezet<\/span>\t<span class=\"qodef-m-background-holder\" ><\/span><\/a>\t<\/div>\n\t\t\t\t<a itemprop=\"url\" href=\"\/hu\/kornyek\/\" class=\"qodef-m-banner-link\" target=\"_self\"><\/a>\n\t\t\t<\/div>\n\t\t\t<a itemprop=\"url\" href=\"\/hu\/kornyek\/\" class=\"qodef-m-banner-link\" target=\"_self\"><\/a>\n\t\t<\/div>\n\t<\/div>\n<\/div>\n\t\t<\/div>\n\t\t\t\t<\/div>\n\t\t\t\t\t<\/div>\n\t\t<\/div>\n\t\t\t\t\t\t\t<\/div>\n\t\t<\/section>\n\t\t\t\t\t\t\t<\/div>\n\t\t","protected":false},"excerpt":{"rendered":"<p>Csal\u00e1di panzi\u00f3 a Lomnici-cs\u00facs alatt Paradicsom a gyermekes csal\u00e1doknak A BA\u010eO *** panzi\u00f3 2003-ban \u00e9p\u00fclt a Magas-T\u00e1tra fest\u0151i k\u00f6rnyezet\u00e9ben, Star\u00e1 Lesn\u00e1 hegyi faluban, k\u00f6zvetlen\u00fcl a Tatransk\u00e1 Lomnica s\u00edk\u00f6zpont alatt. A vend\u00e9gh\u00e1z elhelyezked\u00e9se j\u00f3 kiindul\u00f3pont a Magas- \u00e9s Alacsony-T\u00e1tra, Levo\u010da, a term\u00e1lf\u00fcrd\u0151k, a szabadt\u00e9ri m\u00fazeumok \u00e9s a k\u00f6zeli barlangok megl\u00e1togat\u00e1s\u00e1hoz. Sz\u00e1llodai jelleg\u0171 sz\u00e1ll\u00e1shelyeinken a min\u0151s\u00e9gi sz\u00e1llodai [&hellip;]<\/p>\n","protected":false},"author":1,"featured_media":11800,"parent":0,"menu_order":0,"comment_status":"closed","ping_status":"closed","template":"page-full-width.php","meta":{"inline_featured_image":false},"yoast_head":"<!-- This site is optimized with the Yoast SEO plugin v20.13 - https:\/\/yoast.com\/wordpress\/plugins\/seo\/ -->\n<title>Panzi\u00f3 | Panzi\u00f3 BA\u010eO***<\/title>\n<meta name=\"description\" content=\"Csal\u00e1di panzi\u00f3 Stara Lesn\u00e1ban, k\u00f6zvetlen\u00fcl Lomnick\u00fd \u0160t\u00edt alatt. Gyermekes csal\u00e1dok paradicsoma. Gyermekj\u00e1tsz\u00f3t\u00e9r, szabadt\u00e9ri j\u00e1tsz\u00f3t\u00e9r, szauna, wellness, tornaterem...\" \/>\n<meta name=\"robots\" content=\"index, follow, max-snippet:-1, max-image-preview:large, max-video-preview:-1\" \/>\n<link rel=\"canonical\" href=\"https:\/\/penzionbado.sk\/penzion\/\" \/>\n<meta property=\"og:locale\" content=\"hu_HU\" \/>\n<meta property=\"og:type\" content=\"article\" \/>\n<meta property=\"og:title\" content=\"Panzi\u00f3 | Panzi\u00f3 BA\u010eO***\" \/>\n<meta property=\"og:description\" content=\"Csal\u00e1di panzi\u00f3 Stara Lesn\u00e1ban, k\u00f6zvetlen\u00fcl Lomnick\u00fd \u0160t\u00edt alatt. Gyermekes csal\u00e1dok paradicsoma. Gyermekj\u00e1tsz\u00f3t\u00e9r, szabadt\u00e9ri j\u00e1tsz\u00f3t\u00e9r, szauna, wellness, tornaterem...\" \/>\n<meta property=\"og:url\" content=\"https:\/\/penzionbado.sk\/penzion\/\" \/>\n<meta property=\"og:site_name\" content=\"Panzi\u00f3 BA\u010eO***\" \/>\n<meta property=\"article:publisher\" content=\"https:\/\/www.facebook.com\/www.penzionbado.sk\" \/>\n<meta property=\"article:modified_time\" content=\"2025-03-17T07:23:02+00:00\" \/>\n<meta property=\"og:image\" content=\"https:\/\/penzionbado.sk\/wp-content\/uploads\/2023\/05\/Penzion_Bado_3.png\" \/>\n\t<meta property=\"og:image:width\" content=\"1318\" \/>\n\t<meta property=\"og:image:height\" content=\"612\" \/>\n\t<meta property=\"og:image:type\" content=\"image\/png\" \/>\n<meta name=\"twitter:card\" content=\"summary_large_image\" \/>\n<meta name=\"twitter:label1\" content=\"Becs\u00fclt olvas\u00e1si id\u0151\" \/>\n\t<meta name=\"twitter:data1\" content=\"12 perc\" \/>\n<script type=\"application\/ld+json\" class=\"yoast-schema-graph\">{\"@context\":\"https:\/\/schema.org\",\"@graph\":[{\"@type\":\"WebPage\",\"@id\":\"https:\/\/penzionbado.sk\/penzion\/\",\"url\":\"https:\/\/penzionbado.sk\/penzion\/\",\"name\":\"Panzi\u00f3 | Panzi\u00f3 BA\u010eO***\",\"isPartOf\":{\"@id\":\"https:\/\/penzionbado.sk\/#website\"},\"datePublished\":\"2020-03-31T05:41:11+00:00\",\"dateModified\":\"2025-03-17T07:23:02+00:00\",\"description\":\"Csal\u00e1di panzi\u00f3 Stara Lesn\u00e1ban, k\u00f6zvetlen\u00fcl Lomnick\u00fd \u0160t\u00edt alatt. Gyermekes csal\u00e1dok paradicsoma. Gyermekj\u00e1tsz\u00f3t\u00e9r, szabadt\u00e9ri j\u00e1tsz\u00f3t\u00e9r, szauna, wellness, tornaterem...\",\"breadcrumb\":{\"@id\":\"https:\/\/penzionbado.sk\/penzion\/#breadcrumb\"},\"inLanguage\":\"hu\",\"potentialAction\":[{\"@type\":\"ReadAction\",\"target\":[\"https:\/\/penzionbado.sk\/penzion\/\"]}]},{\"@type\":\"BreadcrumbList\",\"@id\":\"https:\/\/penzionbado.sk\/penzion\/#breadcrumb\",\"itemListElement\":[{\"@type\":\"ListItem\",\"position\":1,\"name\":\"Home\",\"item\":\"https:\/\/penzionbado.sk\/hu\/\"},{\"@type\":\"ListItem\",\"position\":2,\"name\":\"Panzi\u00f3\"}]},{\"@type\":\"WebSite\",\"@id\":\"https:\/\/penzionbado.sk\/#website\",\"url\":\"https:\/\/penzionbado.sk\/\",\"name\":\"Panzi\u00f3 BA\u010eO***\",\"description\":\"Rodinn\u00fd penzi\u00f3n pod Lomnick\u00fdm \u0160t\u00edtom\",\"publisher\":{\"@id\":\"https:\/\/penzionbado.sk\/#organization\"},\"potentialAction\":[{\"@type\":\"SearchAction\",\"target\":{\"@type\":\"EntryPoint\",\"urlTemplate\":\"https:\/\/penzionbado.sk\/?s={search_term_string}\"},\"query-input\":\"required name=search_term_string\"}],\"inLanguage\":\"hu\"},{\"@type\":\"Organization\",\"@id\":\"https:\/\/penzionbado.sk\/#organization\",\"name\":\"Panzi\u00f3 BA\u010eO***\",\"url\":\"https:\/\/penzionbado.sk\/\",\"logo\":{\"@type\":\"ImageObject\",\"inLanguage\":\"hu\",\"@id\":\"https:\/\/penzionbado.sk\/#\/schema\/logo\/image\/\",\"url\":\"https:\/\/penzionbado.sk\/wp-content\/uploads\/2023\/05\/BADO_logo_black_transparent.png\",\"contentUrl\":\"https:\/\/penzionbado.sk\/wp-content\/uploads\/2023\/05\/BADO_logo_black_transparent.png\",\"width\":470,\"height\":473,\"caption\":\"Panzi\u00f3 BA\u010eO***\"},\"image\":{\"@id\":\"https:\/\/penzionbado.sk\/#\/schema\/logo\/image\/\"},\"sameAs\":[\"https:\/\/www.facebook.com\/www.penzionbado.sk\",\"https:\/\/www.instagram.com\/penzionvysoketatry\/\",\"https:\/\/www.youtube.com\/channel\/UCxZmlcE9qBcD9fdk4hfpo7g\"]}]}<\/script>\n<!-- \/ Yoast SEO plugin. -->","yoast_head_json":{"title":"Panzi\u00f3 | Panzi\u00f3 BA\u010eO***","description":"Csal\u00e1di panzi\u00f3 Stara Lesn\u00e1ban, k\u00f6zvetlen\u00fcl Lomnick\u00fd \u0160t\u00edt alatt. Gyermekes csal\u00e1dok paradicsoma. Gyermekj\u00e1tsz\u00f3t\u00e9r, szabadt\u00e9ri j\u00e1tsz\u00f3t\u00e9r, szauna, wellness, tornaterem...","robots":{"index":"index","follow":"follow","max-snippet":"max-snippet:-1","max-image-preview":"max-image-preview:large","max-video-preview":"max-video-preview:-1"},"canonical":"https:\/\/penzionbado.sk\/penzion\/","og_locale":"hu_HU","og_type":"article","og_title":"Panzi\u00f3 | Panzi\u00f3 BA\u010eO***","og_description":"Csal\u00e1di panzi\u00f3 Stara Lesn\u00e1ban, k\u00f6zvetlen\u00fcl Lomnick\u00fd \u0160t\u00edt alatt. Gyermekes csal\u00e1dok paradicsoma. Gyermekj\u00e1tsz\u00f3t\u00e9r, szabadt\u00e9ri j\u00e1tsz\u00f3t\u00e9r, szauna, wellness, tornaterem...","og_url":"https:\/\/penzionbado.sk\/penzion\/","og_site_name":"Panzi\u00f3 BA\u010eO***","article_publisher":"https:\/\/www.facebook.com\/www.penzionbado.sk","article_modified_time":"2025-03-17T07:23:02+00:00","og_image":[{"width":1318,"height":612,"url":"https:\/\/penzionbado.sk\/wp-content\/uploads\/2023\/05\/Penzion_Bado_3.png","type":"image\/png"}],"twitter_card":"summary_large_image","twitter_misc":{"Becs\u00fclt olvas\u00e1si id\u0151":"12 perc"},"schema":{"@context":"https:\/\/schema.org","@graph":[{"@type":"WebPage","@id":"https:\/\/penzionbado.sk\/penzion\/","url":"https:\/\/penzionbado.sk\/penzion\/","name":"Panzi\u00f3 | Panzi\u00f3 BA\u010eO***","isPartOf":{"@id":"https:\/\/penzionbado.sk\/#website"},"datePublished":"2020-03-31T05:41:11+00:00","dateModified":"2025-03-17T07:23:02+00:00","description":"Csal\u00e1di panzi\u00f3 Stara Lesn\u00e1ban, k\u00f6zvetlen\u00fcl Lomnick\u00fd \u0160t\u00edt alatt. Gyermekes csal\u00e1dok paradicsoma. Gyermekj\u00e1tsz\u00f3t\u00e9r, szabadt\u00e9ri j\u00e1tsz\u00f3t\u00e9r, szauna, wellness, tornaterem...","breadcrumb":{"@id":"https:\/\/penzionbado.sk\/penzion\/#breadcrumb"},"inLanguage":"hu","potentialAction":[{"@type":"ReadAction","target":["https:\/\/penzionbado.sk\/penzion\/"]}]},{"@type":"BreadcrumbList","@id":"https:\/\/penzionbado.sk\/penzion\/#breadcrumb","itemListElement":[{"@type":"ListItem","position":1,"name":"Home","item":"https:\/\/penzionbado.sk\/hu\/"},{"@type":"ListItem","position":2,"name":"Panzi\u00f3"}]},{"@type":"WebSite","@id":"https:\/\/penzionbado.sk\/#website","url":"https:\/\/penzionbado.sk\/","name":"Panzi\u00f3 BA\u010eO***","description":"Rodinn\u00fd penzi\u00f3n pod Lomnick\u00fdm \u0160t\u00edtom","publisher":{"@id":"https:\/\/penzionbado.sk\/#organization"},"potentialAction":[{"@type":"SearchAction","target":{"@type":"EntryPoint","urlTemplate":"https:\/\/penzionbado.sk\/?s={search_term_string}"},"query-input":"required name=search_term_string"}],"inLanguage":"hu"},{"@type":"Organization","@id":"https:\/\/penzionbado.sk\/#organization","name":"Panzi\u00f3 BA\u010eO***","url":"https:\/\/penzionbado.sk\/","logo":{"@type":"ImageObject","inLanguage":"hu","@id":"https:\/\/penzionbado.sk\/#\/schema\/logo\/image\/","url":"https:\/\/penzionbado.sk\/wp-content\/uploads\/2023\/05\/BADO_logo_black_transparent.png","contentUrl":"https:\/\/penzionbado.sk\/wp-content\/uploads\/2023\/05\/BADO_logo_black_transparent.png","width":470,"height":473,"caption":"Panzi\u00f3 BA\u010eO***"},"image":{"@id":"https:\/\/penzionbado.sk\/#\/schema\/logo\/image\/"},"sameAs":["https:\/\/www.facebook.com\/www.penzionbado.sk","https:\/\/www.instagram.com\/penzionvysoketatry\/","https:\/\/www.youtube.com\/channel\/UCxZmlcE9qBcD9fdk4hfpo7g"]}]}},"_links":{"self":[{"href":"https:\/\/penzionbado.sk\/hu\/wp-json\/wp\/v2\/pages\/11799"}],"collection":[{"href":"https:\/\/penzionbado.sk\/hu\/wp-json\/wp\/v2\/pages"}],"about":[{"href":"https:\/\/penzionbado.sk\/hu\/wp-json\/wp\/v2\/types\/page"}],"author":[{"embeddable":true,"href":"https:\/\/penzionbado.sk\/hu\/wp-json\/wp\/v2\/users\/1"}],"replies":[{"embeddable":true,"href":"https:\/\/penzionbado.sk\/hu\/wp-json\/wp\/v2\/comments?post=11799"}],"version-history":[{"count":6,"href":"https:\/\/penzionbado.sk\/hu\/wp-json\/wp\/v2\/pages\/11799\/revisions"}],"predecessor-version":[{"id":12308,"href":"https:\/\/penzionbado.sk\/hu\/wp-json\/wp\/v2\/pages\/11799\/revisions\/12308"}],"wp:featuredmedia":[{"embeddable":true,"href":"https:\/\/penzionbado.sk\/hu\/wp-json\/wp\/v2\/media\/11800"}],"wp:attachment":[{"href":"https:\/\/penzionbado.sk\/hu\/wp-json\/wp\/v2\/media?parent=11799"}],"curies":[{"name":"wp","href":"https:\/\/api.w.org\/{rel}","templated":true}]}}